{"id":1377449,"date":"2024-04-19T11:35:37","date_gmt":"2024-04-19T09:35:37","guid":{"rendered":"https:\/\/clinect.pl\/?page_id=1377449"},"modified":"2024-04-19T11:35:52","modified_gmt":"2024-04-19T09:35:52","slug":"polityka_prywatnosci","status":"publish","type":"page","link":"https:\/\/clinect.pl\/index.php\/polityka_prywatnosci\/","title":{"rendered":"Polityka prywatno\u015bci"},"content":{"rendered":"<p>[et_pb_section fb_built=&#8221;1&#8243; theme_builder_area=&#8221;post_content&#8221; _builder_version=&#8221;4.25.0&#8243; _module_preset=&#8221;default&#8221;][et_pb_row _builder_version=&#8221;4.25.0&#8243; _module_preset=&#8221;default&#8221; theme_builder_area=&#8221;post_content&#8221;][et_pb_column _builder_version=&#8221;4.25.0&#8243; _module_preset=&#8221;default&#8221; type=&#8221;4_4&#8243; theme_builder_area=&#8221;post_content&#8221;][et_pb_text _builder_version=&#8221;4.25.0&#8243; _module_preset=&#8221;default&#8221; theme_builder_area=&#8221;post_content&#8221; hover_enabled=&#8221;0&#8243; sticky_enabled=&#8221;0&#8243;]<\/p>\n<p style=\"font-weight: 400;\"><strong>POLITYKA PRYWATNO\u015aCI<\/strong><\/p>\n<p style=\"font-weight: 400;\">\n<p style=\"font-weight: 400;\">Zgodnie z art.13.ust. 1 i ust. 2 rozporz\u0105dzenia Parlamentu Europejskiego i Rady (UE) 2016\/679 z 27 kwietnia 2016 roku w skr\u00f3cie RODO informujemy, \u017ce w\u0142a\u015bcicielem sklepu internetowego oraz administratorem danych osobowych jest Firma<\/p>\n<p style=\"font-weight: 400;\">\n<p style=\"font-weight: 400;\">Clinect Polska Sp. z o.o.<\/p>\n<p style=\"font-weight: 400;\">Ty\u015bmienica 240<\/p>\n<p style=\"font-weight: 400;\">21-200 Parczew<\/p>\n<p style=\"font-weight: 400;\">Polska<\/p>\n<p style=\"font-weight: 400;\">NIP: 5391514957<\/p>\n<p style=\"font-weight: 400;\">REGON: 384988241<\/p>\n<p style=\"font-weight: 400;\">Tel. +48 517122725<\/p>\n<p style=\"font-weight: 400;\">\n<p style=\"font-weight: 400;\">Administrator sklepu internetowego clinect.pl dok\u0142ada szczeg\u00f3lnych stara\u0144 w celu ochrony prywatno\u015bci i informacji mu przekazanych, dotycz\u0105cych Klient\u00f3w sklepu internetowego clinect.pl.<span>\u00a0 <\/span>Administrator z nale\u017cyt\u0105 staranno\u015bci\u0105 dobiera i stosuje odpowiednie \u015brodki techniczne, w tym o charakterze programistycznym i organizacyjnym, zapewniaj\u0105c ochron\u0119 przetwarzanych danych, w szczeg\u00f3lno\u015bci zabezpiecza dane przed ich udost\u0119pnieniem osobom nieupowa\u017cnionym, ujawnieniem, ich utraceniem i zniszczeniem, nieuprawnion\u0105 modyfikacj\u0105, jak r\u00f3wnie\u017c przed ich przetwarzaniem z naruszeniem obowi\u0105zuj\u0105cych przepis\u00f3w prawa.<\/p>\n<p style=\"font-weight: 400;\">\n<p style=\"font-weight: 400;\">Podczas rejestracji w sklepie internetowym clinect.pl s\u0105 zbierane nast\u0119puj\u0105ce dane osobowe: imi\u0119 i nazwisko, adres, p\u0142e\u0107, numer telefonu, nazwa firmy, NIP firmy, e-mail, IP.<\/p>\n<p style=\"font-weight: 400;\">Przetwarzanie Pa\u0144stwa danych osobowych, odbywa si\u0119 na podstawie art. 6 RODO Administrator Danych Osobowych przetwarza dane osobowe Klienta podczas obs\u0142ugi zam\u00f3wienia, analizy odwiedzin sklepu internetowego clinect.pl oraz w celach marketingowych.<\/p>\n<p style=\"font-weight: 400;\">\n<p style=\"font-weight: 400;\">Podanie przez Pa\u0144stwa wymaganych danych osobowych jest dobrowolne i stanowi warunek \u015bwiadczenia us\u0142ug przez Administratora danych osobowych za po\u015brednictwem sklepu internetowego clinect.pl.<\/p>\n<p style=\"font-weight: 400;\">\n<p style=\"font-weight: 400;\">Dane osobowe b\u0119d\u0105 przetwarzane przez okres niezb\u0119dny do realizacji zam\u00f3wienia, dzia\u0142a\u0144 marketingowych i prowadzenia Konta Klienta w sklepie internetowym clinect.pl. Dane osobowe b\u0119d\u0105 usuni\u0119te w nast\u0119puj\u0105cych przypadkach:<\/p>\n<p style=\"font-weight: 400;\">&#8211; usuni\u0119cia lub wycofania zgody przez osob\u0119, kt\u00f3rej dotycz\u0105 dane osobowe,<\/p>\n<p style=\"font-weight: 400;\">&#8211; po 10 latach, kiedy osoba, kt\u00f3rej dane dotycz\u0105 nie podejmuje \u017cadnych dzia\u0142a\u0144,<\/p>\n<p style=\"font-weight: 400;\">&#8211; po uzyskaniu informacji, \u017ce przechowywane dane s\u0105 niedok\u0142adne lub nieaktualne<\/p>\n<p style=\"font-weight: 400;\">Niekt\u00f3re dane w zakresie: adres e-mail, imi\u0119 i nazwisko mog\u0105 by\u0107 przechowywane przez okres trzech kolejnych lat dla cel\u00f3w rozpatrywania skarg, reklamacji oraz roszcze\u0144 zwi\u0105zanych ze \u015bwiadczonymi us\u0142ugami przez sklep internetowy clinect.pl.pl.<\/p>\n<p style=\"font-weight: 400;\">Dane te nie b\u0119d\u0105 wykorzystywane do cel\u00f3w marketingu.<\/p>\n<p style=\"font-weight: 400;\">Dane dotycz\u0105ce zam\u00f3wie\u0144 towar\u00f3w, konkurs\u00f3w i program\u00f3w lojalno\u015bciowych b\u0119d\u0105 przechowywane przez okres 5 lat od daty dostarczenia zam\u00f3wienia.<\/p>\n<p style=\"font-weight: 400;\">Dane dotycz\u0105ce Klient\u00f3w niezalogowanych przechowujemy przez czas zapisanych na urz\u0105dzeniach plik\u00f3w cookies.<\/p>\n<p style=\"font-weight: 400;\">Pa\u0144stwa dane osobowe dotycz\u0105ce zachowa\u0144, wyboru tre\u015bci marketingowych i preferencji wykorzystywane mog\u0105 by\u0107 do analizy danych potrzebnych do podj\u0119cia dzia\u0142a\u0144 w sferze prowadzonej dzia\u0142alno\u015bci gospodarczej, marketingowych lub do odwo\u0142ania zgody na przetwarzanie danych osobowych.<\/p>\n<p style=\"font-weight: 400;\">Przekazujemy Pa\u0144stwa dane osobowe nast\u0119puj\u0105cym odbiorcom:<\/p>\n<p style=\"font-weight: 400;\">organom pa\u0144stwowym, np. Policja, Prokuratura, GIODO, Prezes UOKiK je\u017celi zwr\u00f3c\u0105 si\u0119 do nas o ich udost\u0119pnienie.<\/p>\n<ol>\n<li style=\"font-weight: 400;\">Na podstawie RODO maj\u0105 Pa\u0144stwo prawo do:<\/li>\n<\/ol>\n<p style=\"font-weight: 400;\">\n<p style=\"font-weight: 400;\">&#8211; \u017c\u0105dania dost\u0119pu do swoich danych osobowych<\/p>\n<p style=\"font-weight: 400;\">&#8211; \u017c\u0105dania sprostowania swoich danych osobowych<\/p>\n<p style=\"font-weight: 400;\">&#8211; \u017c\u0105dania usuni\u0119cia swoich danych osobowych<\/p>\n<p style=\"font-weight: 400;\">&#8211; \u017c\u0105dania ograniczenia przetwarzania danych osobowych<\/p>\n<p style=\"font-weight: 400;\">&#8211; wniesienia sprzeciwu wobec przetwarzania danych osobowych<\/p>\n<p style=\"font-weight: 400;\">&#8211; \u017c\u0105dania przenoszenia danych osobowych.<\/p>\n<p style=\"font-weight: 400;\">Administrator danych osobowych w terminie miesi\u0105ca od otrzymania \u017c\u0105dania udzieli Pa\u0144stwu informacji o podj\u0119tych dzia\u0142aniach.<\/p>\n<p style=\"font-weight: 400;\">\n<ol start=\"2\">\n<li style=\"font-weight: 400;\">Na podstawie art.15 RODO macie Pa\u0144stwo prawo uzyskania informacji od Administratora danych osobowych, czy Pa\u0144stwa dane osobowe s\u0105 przetwarzane.<\/li>\n<\/ol>\n<p style=\"font-weight: 400;\">Je\u017celi dane osobowe s\u0105 przetwarzane macie Pa\u0144stwo prawo do:<\/p>\n<p style=\"font-weight: 400;\">&#8211; dost\u0119pu do danych osobowych<\/p>\n<p style=\"font-weight: 400;\">&#8211; uzyskania informacji o celu przetwarzania, odbiorcach tych danych, planowanym okresie przechowywania danych osobowych, o prawach przys\u0142uguj\u0105cych Pa\u0144stwu na mocy RODO oraz o prawie wniesienia skargi do organu nadzorczego, o \u017ar\u00f3dle tych danych, o zautomatyzowanym podejmowaniu decyzji tym o profilowaniu oraz o zabezpieczeniach stosowanych w zwi\u0105zku z przekazywaniem tych danych poza UE<\/p>\n<p style=\"font-weight: 400;\">&#8211; uzyskania kopii swoich danych osobowych.<\/p>\n<p style=\"font-weight: 400;\">Je\u017celi chcecie Pa\u0144stwo za\u017c\u0105da\u0107 dost\u0119pu do swoich danych osobowych prosimy o zg\u0142oszenie swojego \u017c\u0105dania na adres e-mail: <a href=\"mailto:s.kostjan@clinect.pl\">s.kostjan@clinect.pl<\/a><\/p>\n<p style=\"font-weight: 400;\">Je\u017celi Pa\u0144stwa dane osobowe s\u0105 nieprawid\u0142owe lub niepe\u0142ne macie prawo \u017c\u0105dania (art.16 RODO) od Administratora niezw\u0142ocznego sprostowania lub uzupe\u0142nienia danych osobowych.<\/p>\n<p style=\"font-weight: 400;\">Je\u017celi chcecie Pa\u0144stwo za\u017c\u0105da\u0107 sprostowania lub uzupe\u0142nienia danych prosimy zg\u0142osi\u0107 \u017c\u0105danie na adres e-mail <a href=\"mailto:s.kostjan@clinect.pl\">s.kostjan@clinect.pl<\/a><\/p>\n<p style=\"font-weight: 400;\">Je\u017celi dokonali\u015bcie Pa\u0144stwo rejestracji w sklepie internetowym to swoje dane osobowe mo\u017cecie<span>\u00a0 <\/span>sprostowa\u0107 lub uzupe\u0142ni\u0107 samodzielnie loguj\u0105c si\u0119 na swoje konto w Sklepie internetowym<span>\u00a0 <\/span>clinect.pl.<\/p>\n<p style=\"font-weight: 400;\">\n<p style=\"font-weight: 400;\">Na podstawie art. 17 RODO macie Pa\u0144stwo prawo do \u017c\u0105dania od Administratora danych osobowych usuni\u0119cia swoich danych osobowych, gdy:<\/p>\n<p style=\"font-weight: 400;\">\n<p style=\"font-weight: 400;\">&#8211; Wasze dane osobowe przesta\u0142y by\u0107 niezb\u0119dne do cel\u00f3w, w kt\u00f3rych zosta\u0142y zebrane lub przetwarzane.<\/p>\n<p style=\"font-weight: 400;\">&#8211; wycofali\u015bcie Pa\u0144stwo zgod\u0119 na przetwarzanie Waszych danych osobowych.<\/p>\n<p style=\"font-weight: 400;\">&#8211; Wasze dane osobowe by\u0142y przetwarzane niezgodnie z prawem.<\/p>\n<p style=\"font-weight: 400;\">&#8211; wnie\u015bli\u015bcie Pa\u0144stwo sprzeciw wobec przetwarzania Waszych danych osobowych na potrzeby marketingu bezpo\u015bredniego, profilowania, w zakresie w jakim przetwarzanie jest zwi\u0105zane z marketingiem bezpo\u015brednim.<\/p>\n<p style=\"font-weight: 400;\">&#8211; wnie\u015bli\u015bcie Pa\u0144stwo sprzeciw wobec przetwarzania Waszych danych osobowych<span>\u00a0 <\/span>w zwi\u0105zku z przetwarzaniem niezb\u0119dnym dla wykonania zadania realizowanego w interesie publicznym lub przetwarzania niezb\u0119dnego dla cel\u00f3w wynikaj\u0105cych z prawnie uzasadnionych interes\u00f3w realizowanych przez Administratora danych osobowych lub stron\u0119 trzecia.<\/p>\n<p style=\"font-weight: 400;\">Pomimo Waszego \u017c\u0105dania usuni\u0119cia danych osobowych Administrator danych osobowych mo\u017ce przetwarza\u0107 Wasze dane dalej w celu ustalenia, dochodzenia lub obrony roszcze\u0144 o czym ma obowi\u0105zek Was poinformowa\u0107.<\/p>\n<p style=\"font-weight: 400;\">Je\u017celi chcecie za\u017c\u0105da\u0107 usuni\u0119cia Waszych danych prosz\u0119 o zg\u0142oszenie Waszych \u017c\u0105da\u0144 na adres e-mail: <a href=\"mailto:s.kostjan@clinect.pl\">s.kostjan@clinect.pl<\/a><\/p>\n<p style=\"font-weight: 400;\">\n<p style=\"font-weight: 400;\">Na podst. art. 18 RODO macie Pa\u0144stwo prawo do \u017c\u0105dania ograniczenia przetwarzania Waszych danych osobowych w przypadku, gdy:<\/p>\n<p style=\"font-weight: 400;\">&#8211; kwestionujecie prawid\u0142owo\u015b\u0107 Waszych danych osobowych.<\/p>\n<p style=\"font-weight: 400;\">&#8211; przetwarzanie Waszych danych jest niezgodne z prawem, a zamiast usuni\u0119cia danych osobowych za\u017c\u0105dacie ograniczenia ich przetwarzania.<\/p>\n<p style=\"font-weight: 400;\">&#8211; Wasze dane osobowe przesta\u0142y by\u0107 potrzebne do cel\u00f3w przetwarzania, ale s\u0105 one potrzebne w celu ustalenia, dochodzenia lub obrony Waszych roszcze\u0144.<\/p>\n<p style=\"font-weight: 400;\">&#8211; zg\u0142osili\u015bcie sprzeciw wobec przetwarzania Waszych danych osobowych na czas potrzebny do stwierdzenia czy prawnie uzasadnione interesy po stronie Administratora danych osobowych s\u0105 nadrz\u0119dne wobec podstaw wskazanych w Waszym sprzeciwie.<\/p>\n<p style=\"font-weight: 400;\">Je\u017celi chcecie za\u017c\u0105da\u0107 ograniczenia przetwarzania Waszych danych osobowych zg\u0142o\u015bcie Wasze \u017c\u0105danie na adres e-mail: <a href=\"mailto:s.kostjan@clinect.pl\">s.kostjan@clinect.pl<\/a><\/p>\n<p style=\"font-weight: 400;\">\n<p style=\"font-weight: 400;\">Na post. Art. 20 RODO macie Pa\u0144stwo prawo do otrzymania od Administratora Waszych danych osobowych w powszechnie u\u017cywanym formacie oraz przes\u0142a\u0107 je innemu administratorowi danych osobowych. Mo\u017cecie te\u017c za\u017c\u0105da\u0107, aby to Administrator danych osobowych przes\u0142a\u0142 bezpo\u015brednio Wasze dane osobowe innemu administratorowi (o ile jest to technicznie mo\u017cliwe).<\/p>\n<p style=\"font-weight: 400;\">Je\u017celi chcecie za\u017c\u0105da\u0107 przeniesienia Waszych danych osobowych zg\u0142o\u015bcie wasze \u017c\u0105danie na adres e-mail: <a href=\"mailto:s.kostjan@clinect.pl\">s.kostjan@clinect.pl<\/a><\/p>\n<p style=\"font-weight: 400;\">\n<p style=\"font-weight: 400;\">Macie Pa\u0144stwo prawo (art.21 RODO) w dowolnym momencie do wniesienia sprzeciwu wobec przetwarzania Waszych danych osobowych, w tym profilowania w zwi\u0105zku z:<\/p>\n<p style=\"font-weight: 400;\">\n<p style=\"font-weight: 400;\">&#8211; przetwarzaniem na potrzeby marketingu bezpo\u015bredniego.<\/p>\n<p style=\"font-weight: 400;\">&#8211; przetwarzaniem niezb\u0119dnym dla wykonania zadania realizowanego w interesie publicznym lub przetwarzania niezb\u0119dnego dla cel\u00f3w wynikaj\u0105cych z prawnie uzasadnionych interes\u00f3w realizowanych przez Administratora danych osobowych lub stron\u0119 trzeci\u0105.<\/p>\n<p style=\"font-weight: 400;\">Je\u017celi chcecie zg\u0142osi\u0107 sprzeciw wobec przetwarzania Waszych danych osobowych, zg\u0142o\u015bcie swoje \u017c\u0105danie na adres e-mail: <a href=\"mailto:s.kostjan@clinect.pl\">s.kostjan@clinect.pl<\/a><\/p>\n<p style=\"font-weight: 400;\">Mo\u017cecie Pa\u0144stwo cofn\u0105\u0107 udzielon\u0105 zgod\u0119 na przetwarzanie Waszych danych osobowych w dowolnym momencie.<\/p>\n<p style=\"font-weight: 400;\">Cofni\u0119cie zgody na przetwarzanie danych osobowych nie ma wp\u0142ywu na zgodno\u015b\u0107 z prawem przetwarzania dokonanego na podstawie Waszej zgody przed jej cofni\u0119ciem.<\/p>\n<p style=\"font-weight: 400;\">Je\u017celi chcecie Pa\u0144stwo cofn\u0105\u0107 zgod\u0119 na przetwarzanie Waszych danych osobowych zg\u0142o\u015bcie Wasze \u017c\u0105danie na adres e-mail: <a href=\"mailto:s.kostjan@clinect.pl\">s.kostjan@clinect.pl<\/a> lub skorzystajcie z odpowiednich funkcji na swoim koncie w sklepie internetowym clinect.pl.<\/p>\n<p style=\"font-weight: 400;\">\n<p style=\"font-weight: 400;\">Je\u017celi s\u0105dzicie Pa\u0144stwo, \u017ce przetwarzanie Waszych danych osobowych narusza RODO macie prawo do z\u0142o\u017cenia skargi do organu nadzorczego. W Polsce organem nadzorczym w rozumieniu RODO jest Generalny Inspektor Ochrony Danych Osobowych (GIODO).<\/p>\n<p>[\/et_pb_text][\/et_pb_column][\/et_pb_row][\/et_pb_section]<\/p>\n","protected":false},"excerpt":{"rendered":"<p>POLITYKA PRYWATNO\u015aCI Zgodnie z art.13.ust. 1 i ust. 2 rozporz\u0105dzenia Parlamentu Europejskiego i Rady (UE) 2016\/679 z 27 kwietnia 2016 roku w skr\u00f3cie RODO informujemy, \u017ce w\u0142a\u015bcicielem sklepu internetowego oraz administratorem danych osobowych jest Firma Clinect Polska Sp. z o.o. Ty\u015bmienica 240 21-200 Parczew Polska NIP: 5391514957 REGON: 384988241 Tel. +48 517122725 Administrator sklepu internetowego [&hellip;]<\/p>\n","protected":false},"author":2,"featured_media":0,"parent":0,"menu_order":0,"comment_status":"closed","ping_status":"closed","template":"","meta":{"_et_pb_use_builder":"on","_et_pb_old_content":"","_et_gb_content_width":"","footnotes":""},"class_list":["post-1377449","page","type-page","status-publish","hentry"],"_links":{"self":[{"href":"https:\/\/clinect.pl\/index.php\/wp-json\/wp\/v2\/pages\/1377449","targetHints":{"allow":["GET"]}}],"collection":[{"href":"https:\/\/clinect.pl\/index.php\/wp-json\/wp\/v2\/pages"}],"about":[{"href":"https:\/\/clinect.pl\/index.php\/wp-json\/wp\/v2\/types\/page"}],"author":[{"embeddable":true,"href":"https:\/\/clinect.pl\/index.php\/wp-json\/wp\/v2\/users\/2"}],"replies":[{"embeddable":true,"href":"https:\/\/clinect.pl\/index.php\/wp-json\/wp\/v2\/comments?post=1377449"}],"version-history":[{"count":2,"href":"https:\/\/clinect.pl\/index.php\/wp-json\/wp\/v2\/pages\/1377449\/revisions"}],"predecessor-version":[{"id":1377452,"href":"https:\/\/clinect.pl\/index.php\/wp-json\/wp\/v2\/pages\/1377449\/revisions\/1377452"}],"wp:attachment":[{"href":"https:\/\/clinect.pl\/index.php\/wp-json\/wp\/v2\/media?parent=1377449"}],"curies":[{"name":"wp","href":"https:\/\/api.w.org\/{rel}","templated":true}]}}