{"id":1377222,"date":"2024-01-25T14:31:06","date_gmt":"2024-01-25T13:31:06","guid":{"rendered":"https:\/\/clinect.pl\/?post_type=product&#038;p=1377222"},"modified":"2025-04-27T15:50:34","modified_gmt":"2025-04-27T13:50:34","slug":"nawilzajaca-maseczka-rozswietlajaca-z-ekstraktem-z-ikry-lososia","status":"publish","type":"product","link":"https:\/\/clinect.pl\/index.php\/produkt\/nawilzajaca-maseczka-rozswietlajaca-z-ekstraktem-z-ikry-lososia\/","title":{"rendered":"Nawil\u017caj\u0105ca Roz\u015bwietlaj\u0105ca Maska z Oligopeptydami i Ekstraktem z Ikry \u0141ososia"},"content":{"rendered":"<h4><strong>Nawil\u017caj\u0105ca Roz\u015bwietlaj\u0105ca Maska z Oligopeptydami i Ekstraktem z Ikry \u0141ososia<\/strong><\/h4>\n<p><strong>LUKSUSOWE NAWIL\u017bENIE I INTENSYWNA REGENERACJA<\/strong><br \/>\nCzy Twoja sk\u00f3ra wygl\u0105da na zm\u0119czon\u0105, such\u0105 i pozbawion\u0105 blasku?<br \/>\nPotrzebujesz szybkiego rozwi\u0105zania, kt\u00f3re przywr\u00f3ci jej spr\u0119\u017cysto\u015b\u0107 i<br \/>\n\u015bwie\u017co\u015b\u0107? Clinect Nawil\u017caj\u0105ca Roz\u015bwietlaj\u0105ca Maska z<br \/>\nOligopeptydami i Ekstraktem z Ikry \u0141ososia to luksusowy rytua\u0142<br \/>\npiel\u0119gnacyjny, kt\u00f3ry w kilka minut intensywnie nawil\u017ca, regeneruje i<br \/>\nsprawia, \u017ce cera wygl\u0105da jak po profesjonalnym zabiegu<br \/>\nkosmetycznym.<br \/>\n<strong>EFEKT? NATYCHMIAST NAWIL\u017bONA, WYG\u0141ADZONA I PE\u0141NA<\/strong><br \/>\n<strong>BLASKU SK\u00d3RA, KT\u00d3RA WYGL\u0104DA JAK PO NAJLEPSZYM ZABIEGU<\/strong><br \/>\n<strong>PIEL\u0118GNACYJNYM.<br \/>\n<\/strong><\/p>\n<p><strong>KORZY\u015aCI<\/strong><\/p>\n<p><strong><br \/>\nNAWIL\u017bENIE I INTENSYWNA REGENERACJA<\/strong><br \/>\nFormu\u0142a wzbogacona o Hialuronian Sodu i Ekstrakt z Ziaren Owsa Avena Sativa dog\u0142\u0119bnie nawil\u017ca<br \/>\nsk\u00f3r\u0119, przywracaj\u0105c jej j\u0119drno\u015b\u0107 i zdrowy wygl\u0105d. Sk\u0142adniki te dzia\u0142aj\u0105 jak tarcza ochronna,<br \/>\nzapobiegaj\u0105c odwodnieniu i chroni\u0105c sk\u00f3r\u0119 przed szkodliwymi czynnikami zewn\u0119trznymi.<\/p>\n<p><strong>ODBUDOWA I UKOJENIE SK\u00d3RY<\/strong><br \/>\nDzi\u0119ki Oligopeptydowi-1 i Ekstraktowi z Ikry \u0141ososia maska intensywnie regeneruje sk\u00f3r\u0119, redukuje<br \/>\nszorstko\u015b\u0107 i zmniejsza oznaki zm\u0119czenia. Dzia\u0142a niczym naprawczy kompres, kt\u00f3ry wzmacnia barier\u0119<br \/>\nochronn\u0105 sk\u00f3ry i pomaga jej odzyska\u0107 naturaln\u0105 r\u00f3wnowag\u0119.<\/p>\n<p><strong>INNOWACYJNA TECHNOLOGIA BIO-FERMENTACYJNA<\/strong><br \/>\nMaska zosta\u0142a wykonana z bio-w\u0142\u00f3kien fermentowanych przez 28 dni, co sprawia, \u017ce idealnie<br \/>\ndopasowuje si\u0119 do kszta\u0142tu twarzy, nie ociekaj\u0105c esencj\u0105. Dzi\u0119ki temu sk\u0142adniki aktywne mog\u0105 g\u0142\u0119biej<br \/>\nprzenika\u0107 w sk\u00f3r\u0119, zapewniaj\u0105c maksymaln\u0105 skuteczno\u015b\u0107.<\/p>\n<p><strong>DOSKONA\u0141Y WYB\u00d3R DLA WYMAGAJ\u0104CEJ SK\u00d3RY<\/strong><br \/>\nStworzona z my\u015bl\u0105 o cerze suchej, wra\u017cliwej i zm\u0119czonej. Idealna zar\u00f3wno po intensywnym dniu, jak i<br \/>\npo profesjonalnych zabiegach kosmetycznych, gdy sk\u00f3ra potrzebuje dodatkowego ukojenia i<br \/>\nregeneracji.<strong><br \/>\n<\/strong><\/p>\n<p><strong>G\u0141\u00d3WNE SK\u0141ADNIKI AKTYWNE<br \/>\n<\/strong><\/p>\n<ul>\n<li>Oligopeptyd-1<\/li>\n<li>Ekstrakt z jaj \u0142ososia<\/li>\n<li>Filtrat z hodowli kalusa Crithmum Maritimum<\/li>\n<li>Kwas traneksamowy<\/li>\n<li>3% opatentowany Leucidal\u00aeLactobacillus<\/li>\n<li>Ekstrakt z ziaren owsa Avena Sativa<\/li>\n<li>Hialuronian sodu<\/li>\n<\/ul>\n","protected":false},"excerpt":{"rendered":"<p>Nawil\u017caj\u0105ca Roz\u015bwietlaj\u0105ca Maska z Oligopeptydami i Ekstraktem z Ikry \u0141ososia LUKSUSOWE NAWIL\u017bENIE I INTENSYWNA REGENERACJA Czy Twoja sk\u00f3ra wygl\u0105da na zm\u0119czon\u0105, such\u0105 i pozbawion\u0105 blasku? Potrzebujesz szybkiego rozwi\u0105zania, kt\u00f3re przywr\u00f3ci jej spr\u0119\u017cysto\u015b\u0107 i \u015bwie\u017co\u015b\u0107? Clinect Nawil\u017caj\u0105ca Roz\u015bwietlaj\u0105ca Maska z Oligopeptydami i Ekstraktem z Ikry \u0141ososia to luksusowy rytua\u0142 piel\u0119gnacyjny, kt\u00f3ry w kilka minut intensywnie nawil\u017ca, [&hellip;]<\/p>\n","protected":false},"featured_media":1377192,"comment_status":"open","ping_status":"closed","template":"","meta":{"_et_pb_use_builder":"","_et_pb_old_content":"","_et_gb_content_width":""},"product_cat":[15],"product_tag":[],"class_list":{"0":"post-1377222","1":"product","2":"type-product","3":"status-publish","4":"has-post-thumbnail","6":"product_cat-bez-kategorii","8":"first","9":"instock","10":"shipping-taxable","11":"purchasable","12":"product-type-simple"},"_links":{"self":[{"href":"https:\/\/clinect.pl\/index.php\/wp-json\/wp\/v2\/product\/1377222","targetHints":{"allow":["GET"]}}],"collection":[{"href":"https:\/\/clinect.pl\/index.php\/wp-json\/wp\/v2\/product"}],"about":[{"href":"https:\/\/clinect.pl\/index.php\/wp-json\/wp\/v2\/types\/product"}],"replies":[{"embeddable":true,"href":"https:\/\/clinect.pl\/index.php\/wp-json\/wp\/v2\/comments?post=1377222"}],"wp:featuredmedia":[{"embeddable":true,"href":"https:\/\/clinect.pl\/index.php\/wp-json\/wp\/v2\/media\/1377192"}],"wp:attachment":[{"href":"https:\/\/clinect.pl\/index.php\/wp-json\/wp\/v2\/media?parent=1377222"}],"wp:term":[{"taxonomy":"product_cat","embeddable":true,"href":"https:\/\/clinect.pl\/index.php\/wp-json\/wp\/v2\/product_cat?post=1377222"},{"taxonomy":"product_tag","embeddable":true,"href":"https:\/\/clinect.pl\/index.php\/wp-json\/wp\/v2\/product_tag?post=1377222"}],"curies":[{"name":"wp","href":"https:\/\/api.w.org\/{rel}","templated":true}]}}